{"id":81,"date":"2023-11-10T07:21:43","date_gmt":"2023-11-10T07:21:43","guid":{"rendered":"https:\/\/koekerpsychotherapie.de\/tr\/?page_id=81"},"modified":"2024-01-19T09:33:39","modified_gmt":"2024-01-19T09:33:39","slug":"veri-korumasi","status":"publish","type":"page","link":"https:\/\/koekerpsychotherapie.de\/tr\/veri-korumasi\/","title":{"rendered":"Veri Korumas\u0131"},"content":{"rendered":"<div  class='flex_column av-v39x-040b9da5e298000c8f6728f6307b2527 av_one_full  avia-builder-el-0  avia-builder-el-no-sibling  first flex_column_div  '     ><section  class='av_textblock_section av-losahrfd-733a19babbe67a713bbcea457568b1b1 '   itemscope=\"itemscope\" itemtype=\"https:\/\/schema.org\/CreativeWork\" ><div class='avia_textblock'  itemprop=\"text\" ><p>A\u015fa\u011f\u0131da, web sitemin kullan\u0131m\u0131nda sorumlu ki\u015fi olarak ki\u015fisel verilerin taraf\u0131mca i\u015flenmesi hakk\u0131nda sizi bilgilendirece\u011fim. Ki\u015fisel verilerin (\u00f6rne\u011fin veri sahibinin ad\u0131, adresi, e-posta adresi veya telefon numaras\u0131) i\u015flenmesi yasal h\u00fck\u00fcmlere, \u00f6zellikle de Genel Veri Koruma Y\u00f6netmeli\u011fi (GDPR) ve Federal Veri Koruma Yasas\u0131 gerekliliklerine uygun olarak ger\u00e7ekle\u015ftirilir. (BDSG).<\/p>\n<p>\u015eu tarihten itibaren: 26 May\u0131s 2023<\/p>\n<p>1.Sorumlu ki\u015fi<\/p>\n<p>GDPR ve \u00fcye devletlerin ulusal veri koruma yasalar\u0131n\u0131n yan\u0131 s\u0131ra di\u011fer veri koruma d\u00fczenlemeleri anlam\u0131nda sorumlu ki\u015fi:<\/p>\n<p>Tu\u011f\u00e7e K\u00f6ker Han\u0131m<\/p>\n<p>Andreaestrasse 2<\/p>\n<p>30159 Hannover<\/p>\n<p>Almanya<\/p>\n<p>Telefon: +49 176 70028679<\/p>\n<p>E-posta: info.koekerpsychotherapie.de<\/p>\n<p>2.Veri i\u015flemeye ili\u015fkin genel bilgiler<\/p>\n<p>Ki\u015fisel veriler, ad\u0131n\u0131z veya e-posta adresiniz gibi kimli\u011fi belirli veya belirlenebilir bir ger\u00e7ek ki\u015fiye ili\u015fkin her t\u00fcrl\u00fc bilgidir. \u201cVeri i\u015fleme\u201d \u00f6zellikle verilerinizin toplanmas\u0131n\u0131, saklanmas\u0131n\u0131, kullan\u0131lmas\u0131n\u0131 ve iletilmesini ifade eder.<\/p>\n<p>Ki\u015fisel verileri i\u015flemek i\u00e7in veri sahibinin onay\u0131n\u0131 ald\u0131\u011f\u0131m\u0131z \u00f6l\u00e7\u00fcde, GDPR Madde 6 Paragraf 1 C\u00fcmle 1 Bent a, yasal dayanak g\u00f6revi g\u00f6rmektedir.<\/p>\n<p>Veri sahibinin taraf oldu\u011fu bir s\u00f6zle\u015fmenin yerine getirilmesi i\u00e7in gerekli olan ki\u015fisel verilerin i\u015flenmesinde, GDPR Madde 6 Paragraf 1 C\u00fcmle 1 Bent b yasal dayanak g\u00f6revi g\u00f6rmektedir. Bu ayn\u0131 zamanda s\u00f6zle\u015fme \u00f6ncesi tedbirlerin ger\u00e7ekle\u015ftirilmesi i\u00e7in gerekli olan i\u015fleme faaliyetleri i\u00e7in de ge\u00e7erlidir.<\/p>\n<p>\u015eirketimizin tabi oldu\u011fu bir hukuki y\u00fck\u00fcml\u00fcl\u00fc\u011f\u00fcn yerine getirilmesi i\u00e7in ki\u015fisel verilerin i\u015flenmesi gerekliyse, GDPR Madde 6 Paragraf 1 C\u00fcmle 1 Bent c hukuki dayanak te\u015fkil etmektedir.<\/p>\n<p>Veri sahibinin veya ba\u015fka bir ger\u00e7ek ki\u015finin hayati \u00e7\u0131karlar\u0131n\u0131n ki\u015fisel verilerin i\u015flenmesini gerektirmesi durumunda, GDPR B\u00f6l\u00fcm 6 Paragraf 1 C\u00fcmle 1 Bent d GDPR yasal dayanak g\u00f6revi g\u00f6r\u00fcr.<\/p>\n<p>\u0130\u015flemenin \u015firketimizin veya \u00fc\u00e7\u00fcnc\u00fc bir taraf\u0131n me\u015fru menfaatini korumak i\u00e7in gerekli olmas\u0131 ve veri sahibinin \u00e7\u0131karlar\u0131, temel haklar\u0131 ve \u00f6zg\u00fcrl\u00fcklerinin ilk bahsedilen menfaatten daha a\u011f\u0131r basmamas\u0131 durumunda, GDPR&#8217;nin 6. Maddesi 1. F\u0131kra 1. C\u00fcmle 1. F\u0131kra f h\u00fckm\u00fc ge\u00e7erlidir. i\u015flemenin yasal dayana\u011f\u0131 olarak.<\/p>\n<p>Veri sahiplerinin ki\u015fisel verileri, saklama amac\u0131 ortadan kalkt\u0131\u011f\u0131 anda silinecek veya engellenecektir. Yasalar\u0131n gerektirmesi halinde, depolama amac\u0131 art\u0131k ge\u00e7erli olmad\u0131\u011f\u0131nda depolama yap\u0131labilir. Bir s\u00f6zle\u015fmenin imzalanmas\u0131 veya yerine getirilmesi i\u00e7in verilerin daha fazla saklanmas\u0131na ihtiya\u00e7 duyulmad\u0131\u011f\u0131 s\u00fcrece, belirtilen standartlar\u0131n \u00f6ng\u00f6rd\u00fc\u011f\u00fc saklama s\u00fcresinin sona ermesi durumunda veriler bloke edilecek veya silinecektir.<\/p>\n<p>Belirli ki\u015fisel verilerin i\u015flenmesinin yasal dayana\u011f\u0131 ve saklama s\u00fcresine ili\u015fkin daha fazla bilgiyi ilgili alt b\u00f6l\u00fcmde bulabilirsiniz.<\/p>\n<p>3.Veri sahibinin haklar\u0131<\/p>\n<p>Ki\u015fisel verileriniz i\u015flenirse, GDPR anlam\u0131nda veri sahibi sizsiniz ve sorumlu ki\u015fiye kar\u015f\u0131 a\u015fa\u011f\u0131daki haklara sahip olursunuz (gerekirse ilgili d\u00fczenlemelerde d\u00fczenlenen di\u011fer gerekliliklerin kar\u015f\u0131lanmas\u0131 durumunda):<\/p>\n<p>Bilgi edinme hakk\u0131 (Madde 15 GDPR),<\/p>\n<p>D\u00fczeltme ve silme hakk\u0131 (GDPR Madde 16, 17),<br \/>\n\u0130\u015flemenin k\u0131s\u0131tlanmas\u0131 hakk\u0131 (Madde 18 GDPR),<br \/>\n\u0130\u015fleme izni verdiyseniz onay\u0131n\u0131z\u0131 geri \u00e7ekme hakk\u0131,<br \/>\nVeri ta\u015f\u0131nabilirli\u011fi hakk\u0131 (Madde 20 GDPR).<\/p>\n<p>Menfaatlerin dengelenmesi ba\u011flam\u0131nda a\u011f\u0131rl\u0131kl\u0131 olan me\u015fru menfaatlerimizi korumak i\u00e7in ki\u015fisel verileri yukar\u0131da a\u00e7\u0131kland\u0131\u011f\u0131 \u015fekilde i\u015fledi\u011fimiz \u00f6l\u00e7\u00fcde, bu i\u015flemeye gelecekte etkili olacak \u015fekilde itiraz edebilirsiniz, ancak yaln\u0131zca sizin \u00f6zel durumunuzdan kaynaklanan nedenler varsa. (Madde 21 GDPR). \u0130\u015fleme do\u011frudan pazarlama amac\u0131yla yap\u0131l\u0131yorsa, bu hakk\u0131n\u0131z\u0131 herhangi bir zamanda, herhangi bir gerek\u00e7e g\u00f6stermeksizin bile kullanabilirsiniz. \u0130tiraz etme hakk\u0131n\u0131z\u0131 me\u015fru bir \u015fekilde kulland\u0131ktan sonra, i\u015fleme i\u00e7in sizin \u00e7\u0131karlar\u0131n\u0131z\u0131, haklar\u0131n\u0131z\u0131 ve \u00f6zg\u00fcrl\u00fcklerinizi ge\u00e7ersiz k\u0131lan zorlay\u0131c\u0131 me\u015fru gerek\u00e7eler g\u00f6steremedi\u011fimiz veya i\u015flemenin ileri s\u00fcrme amac\u0131 ta\u015f\u0131mad\u0131\u011f\u0131 s\u00fcrece, ki\u015fisel verilerinizi art\u0131k bu ama\u00e7lar do\u011frultusunda i\u015flemeyece\u011fiz. , yasal iddialar\u0131n uygulanmas\u0131 veya savunulmas\u0131. \u0130\u015flemenin do\u011frudan pazarlama amac\u0131yla ger\u00e7ekle\u015ftirilmesi durumunda bu k\u0131s\u0131tlama ge\u00e7erli de\u011fildir.<\/p>\n<p>Haklar\u0131n\u0131za gerekti\u011fi \u00f6l\u00e7\u00fcde sayg\u0131 g\u00f6stermedi\u011fimizi d\u00fc\u015f\u00fcn\u00fcyorsan\u0131z, ki\u015fisel verilerinizi i\u015flememiz hakk\u0131nda bir veri koruma denetleyici makam\u0131na \u015fikayette bulunma hakk\u0131na sahipsiniz. Ancak bunu yapmadan \u00f6nce \u015fikayetinizin nedenini kendimiz \u00e7\u00f6zebilmemiz i\u00e7in ele\u015ftirinizi bize iletirseniz memnuniyet duyar\u0131z.<\/p>\n<p>4.Web sitesini ve g\u00fcnl\u00fck dosyalar\u0131n\u0131 ziyaret edin<\/p>\n<p>A. Ki\u015fisel verilerin i\u015flenmesinin kapsam\u0131<\/p>\n<p>Web sitemize her eri\u015fildi\u011finde sistemimiz, eri\u015fim sa\u011flayan bilgisayar\u0131n bilgisayar sisteminden a\u015fa\u011f\u0131daki veri ve bilgileri otomatik olarak toplar.<\/p>\n<p>Kullan\u0131lan taray\u0131c\u0131 t\u00fcr\u00fc ve s\u00fcr\u00fcm\u00fcne ili\u015fkin bilgiler<br \/>\nKullan\u0131c\u0131n\u0131n i\u015fletim sistemi<br \/>\nKullan\u0131c\u0131n\u0131n \u0130nternet servis sa\u011flay\u0131c\u0131s\u0131<br \/>\nKullan\u0131c\u0131n\u0131n IP adresi<br \/>\nEri\u015fim tarihi ve saati<br \/>\nKullan\u0131c\u0131n\u0131n sisteminin web sitemize eri\u015fti\u011fi web siteleri<br \/>\naktar\u0131lan veri miktar\u0131<br \/>\nHTTP durumu<br \/>\nKullan\u0131c\u0131n\u0131n sistemi taraf\u0131ndan web sitemiz \u00fczerinden eri\u015filen web siteleri<\/p>\n<p>Bu veriler sistemimizin log dosyalar\u0131nda saklan\u0131r.<\/p>\n<p>B. Ki\u015fisel verilerin i\u015flenmesinin yasal dayana\u011f\u0131<\/p>\n<p>Verilerin toplanmas\u0131 ve saklanmas\u0131n\u0131n yasal dayana\u011f\u0131 GDPR Madde 6 (1) (f)&#8217;dir.<\/p>\n<p>C. Veri i\u015flemenin amac\u0131<\/p>\n<p>Web sitesini size g\u00f6r\u00fcnt\u00fcleyebilmek i\u00e7in IP adresinin ge\u00e7ici olarak kaydedilmesi gereklidir. Bunu yapmak i\u00e7in IP adresinin oturum s\u00fcresince kay\u0131tl\u0131 kalmas\u0131 gerekir. Geriye kalan veriler, istikrar ve g\u00fcvenli\u011fin sa\u011flanmas\u0131 amac\u0131yla teknik nedenlerle toplan\u0131r.<\/p>\n<p>Bu ayn\u0131 zamanda GDPR Madde 6 (1) (f) uyar\u0131nca i\u015flemeye y\u00f6nelik me\u015fru menfaat anlam\u0131na da gelir.<\/p>\n<p>D. Depolama s\u00fcresi<\/p>\n<p>Veriler, toplanma amac\u0131na ula\u015fmak i\u00e7in art\u0131k gerekli olmad\u0131\u011f\u0131 anda silinecektir. Veriler web sitesini sa\u011flamak i\u00e7in toplan\u0131yorsa bu, ilgili oturumun sona erdi\u011fi durumdur.<\/p>\n<p>Veriler log dosyalar\u0131nda saklan\u0131yorsa bu durum en ge\u00e7 yedi g\u00fcn sonra ger\u00e7ekle\u015fir. Bunun \u00f6tesinde depolama m\u00fcmk\u00fcnd\u00fcr. Bu durumda, kullan\u0131c\u0131lar\u0131n IP adresleri silinir veya de\u011fi\u015ftirilir, b\u00f6ylece arayan istemcinin atanmas\u0131 art\u0131k m\u00fcmk\u00fcn olmaz.<\/p>\n<p>Google Haritalar&#8217;\u0131n Kullan\u0131m\u0131<\/p>\n<p>Bu web sitesinde Google Haritalar kullan\u0131yoruz. Google Haritalar, Google LLC, 1600 Amphitheatre Parkway, Mountain View, CA 94043, ABD (bundan sonra &#8222;Google&#8220; olarak an\u0131lacakt\u0131r) taraf\u0131ndan i\u015fletilmektedir. Bu, size do\u011frudan web sitesinde etkile\u015fimli haritalar g\u00f6stermemize ve harita i\u015flevini rahat\u00e7a kullanman\u0131za olanak tan\u0131r.<\/p>\n<p>Google taraf\u0131ndan veri i\u015flemeye ili\u015fkin daha fazla bilgiyi Google&#8217;\u0131n veri koruma bilgilerinde bulabilirsiniz: https:\/\/policies.google.com\/privacy. Burada ayr\u0131ca veri koruma merkezinde ki\u015fisel veri koruma ayarlar\u0131n\u0131z\u0131 de\u011fi\u015ftirebilirsiniz.<\/p>\n<p>Google \u00fcr\u00fcnleriyle ba\u011flant\u0131l\u0131 olarak kendi verilerinizi y\u00f6netmeye ili\u015fkin ayr\u0131nt\u0131l\u0131 talimatlar\u0131 burada bulabilirsiniz: https:\/\/www.dataliberation.org<\/p>\n<p>Web sitesini ziyaret etti\u011finizde Google, web sitemizin ilgili alt sayfas\u0131na eri\u015fti\u011finiz bilgisini al\u0131r. Bu, Google&#8217;\u0131n oturum a\u00e7man\u0131z\u0131 sa\u011flayacak bir kullan\u0131c\u0131 hesab\u0131 sa\u011flay\u0131p sa\u011flamamas\u0131ndan veya bir kullan\u0131c\u0131 hesab\u0131n\u0131n bulunmamas\u0131ndan ba\u011f\u0131ms\u0131z olarak ger\u00e7ekle\u015fir. Google&#8217;da oturum a\u00e7t\u0131ysan\u0131z verileriniz do\u011frudan hesab\u0131n\u0131za atanacakt\u0131r.<\/p>\n<p>Profilinizin Google&#8217;a atanmas\u0131n\u0131 istemiyorsan\u0131z d\u00fc\u011fmeyi etkinle\u015ftirmeden \u00f6nce Google&#8217;dan \u00e7\u0131k\u0131\u015f yapmal\u0131s\u0131n\u0131z. Google, verilerinizi kullan\u0131m profilleri olarak kaydeder ve bunlar\u0131 reklam, pazar ara\u015ft\u0131rmas\u0131 ve\/veya web sitelerinin ihtiya\u00e7lara dayal\u0131 tasar\u0131m\u0131 i\u00e7in kullan\u0131r. B\u00f6yle bir de\u011ferlendirme, \u00f6zellikle (oturum a\u00e7mam\u0131\u015f kullan\u0131c\u0131lar i\u00e7in bile) ki\u015fiye \u00f6zel reklam sunmak ve sosyal a\u011f\u0131n di\u011fer kullan\u0131c\u0131lar\u0131n\u0131 web sitemizdeki faaliyetleriniz hakk\u0131nda bilgilendirmek amac\u0131yla ger\u00e7ekle\u015ftirilir. Bu kullan\u0131c\u0131 profillerinin olu\u015fturulmas\u0131na itiraz etme hakk\u0131na sahipsiniz; bunu kullanmak i\u00e7in Google ile ileti\u015fime ge\u00e7melisiniz.<\/p>\n<p>R\u0131zan\u0131n iptali:<\/p>\n<p>Sa\u011flay\u0131c\u0131 \u015fu anda basit bir devre d\u0131\u015f\u0131 b\u0131rakma veya veri aktar\u0131m\u0131n\u0131 engelleme se\u00e7ene\u011fi sunmuyor. Web sitemizdeki faaliyetlerinizin takip edilmesini \u00f6nlemek istiyorsan\u0131z, l\u00fctfen ilgili \u00e7erez kategorisine veya \u00e7erez onay arac\u0131ndaki teknik a\u00e7\u0131dan gereksiz t\u00fcm \u00e7erezlere ve veri aktar\u0131mlar\u0131na ili\u015fkin onay\u0131n\u0131z\u0131 iptal edin. Ancak bu durumda web sitemizi kullanamayabilirsiniz veya yaln\u0131zca s\u0131n\u0131rl\u0131 \u00f6l\u00e7\u00fcde kullanabilirsiniz.<\/p>\n<p>5.\u00c7erezler<\/p>\n<p>A. Ki\u015fisel verilerin i\u015flenmesinin kapsam\u0131<\/p>\n<p>Web sitemizde teknik olarak gerekli \u00e7erezler kullan\u0131lmaktad\u0131r. \u00c7erezler, bilgisayar sisteminizde saklanan metin dosyalar\u0131d\u0131r. Web sitemizi daha kullan\u0131c\u0131 dostu hale getirmek i\u00e7in \u00e7erezleri kullan\u0131yoruz. Web sitemizin baz\u0131 \u00f6\u011feleri, sayfa de\u011fi\u015fikli\u011finden sonra bile eri\u015fen taray\u0131c\u0131n\u0131n tan\u0131mlanmas\u0131n\u0131 gerektirir.<\/p>\n<p>Ayr\u0131ca web sitemizde kullan\u0131c\u0131lar\u0131n gezinme davran\u0131\u015flar\u0131n\u0131n analiz edilmesini sa\u011flayan \u00e7erezler de kullan\u0131yoruz. Web sitemize eri\u015fim s\u0131ras\u0131nda kullan\u0131c\u0131ya \u00e7erezlerin analiz ama\u00e7l\u0131 kullan\u0131m\u0131 konusunda bilgi verilir ve bu ba\u011flamda kullan\u0131lan ki\u015fisel verilerin i\u015flenmesine ili\u015fkin r\u0131zas\u0131 al\u0131n\u0131r. Bu ba\u011flamda, bu veri koruma beyan\u0131na da at\u0131fta bulunulmaktad\u0131r.<\/p>\n<p>B. Ki\u015fisel verilerin i\u015flenmesinin yasal dayana\u011f\u0131<\/p>\n<p>Ki\u015fisel verilerin \u00e7erezler kullan\u0131larak i\u015flenmesinin yasal dayana\u011f\u0131 GDPR Madde 6 (1) (a)&#8217;d\u0131r.<\/p>\n<p>C. Veri i\u015flemenin amac\u0131<\/p>\n<p>Teknik olarak gerekli \u00e7erezlerin kullan\u0131lmas\u0131n\u0131n amac\u0131 web sitemizin kullan\u0131m\u0131n\u0131 sizin i\u00e7in kolayla\u015ft\u0131rmakt\u0131r. Web sitemizin baz\u0131 fonksiyonlar\u0131 \u00e7erezlerin kullan\u0131m\u0131 olmadan sunulamaz. Bunun i\u00e7in taray\u0131c\u0131n\u0131n sayfa de\u011fi\u015fikli\u011finden sonra bile tan\u0131nmas\u0131 gerekir. Teknik olarak gerekli \u00e7erezler arac\u0131l\u0131\u011f\u0131yla toplanan kullan\u0131c\u0131 verileri, kullan\u0131c\u0131 profilleri olu\u015fturmak i\u00e7in kullan\u0131lmaz.<\/p>\n<p>Analiz \u00e7erezleri web sitemizin ve i\u00e7eri\u011finin kalitesini artt\u0131rmak amac\u0131yla kullan\u0131lmaktad\u0131r. Analiz \u00e7erezleri arac\u0131l\u0131\u011f\u0131yla web sitesinin nas\u0131l kullan\u0131ld\u0131\u011f\u0131n\u0131 \u00f6\u011freniriz ve bu nedenle sundu\u011fumuz hizmetleri s\u00fcrekli olarak optimize edebiliriz.<\/p>\n<p>D. Depolama s\u00fcresi<\/p>\n<p>Teknik olarak gerekli \u00e7erezler genellikle taray\u0131c\u0131y\u0131 kapatt\u0131\u011f\u0131n\u0131zda, yani oturum sona erdi\u011finde silinir.<\/p>\n<p>Kullan\u0131lan di\u011fer \u00e7erezler, oturumun sonunu da kapsayan ve \u00e7erezden \u00e7ereze farkl\u0131l\u0131k g\u00f6steren belirli bir s\u00fcre sonunda otomatik olarak silinir. \u00c7erezlerin ilgili saklama s\u00fcresini taray\u0131c\u0131n\u0131z\u0131n ayarlar\u0131nda g\u00f6rebilirsiniz. Burada, saklama s\u00fcresi sona ermeden \u00f6nce \u00e7erezleri de silebilirsiniz.<\/p>\n<p>6. Bize ula\u015f\u0131n<\/p>\n<p>A. Ki\u015fisel verilerin i\u015flenmesinin kapsam\u0131<\/p>\n<p>Bizimle e-posta, posta, ileti\u015fim formu veya ba\u015fka bir \u015fekilde ileti\u015fime ge\u00e7erseniz sa\u011flad\u0131\u011f\u0131n\u0131z veriler (\u00f6rne\u011fin e-posta adresiniz, varsa ad\u0131n\u0131z ve telefon numaran\u0131z) talebinizi i\u015fleme koymak veya yan\u0131tlamak i\u00e7in taraf\u0131m\u0131zdan i\u015flenecektir.<\/p>\n<p>B. Ki\u015fisel verilerin i\u015flenmesinin yasal dayana\u011f\u0131<\/p>\n<p>Verilerinizi bize s\u00f6zle\u015fme \u00f6ncesi bir ba\u011flamda, \u00f6rne\u011fin bir teklif g\u00f6nderme talebiyle veya \u00fcr\u00fcnlerimizle ilgili sorularla g\u00f6nderirseniz, GDPR&#8217;nin yasal dayana\u011f\u0131 Madde 6 Paragraf 1 bent b&#8217;dir. Bizimle ileti\u015fime ge\u00e7mek i\u00e7in bize onay verdiyseniz, GDPR&#8217;nin 6. Maddesinin 1. F\u0131kras\u0131n\u0131n a paragraf\u0131 yasal dayanakt\u0131r. Di\u011fer t\u00fcm durumlarda, GDPR Madde 6 Paragraf 1 bent f f yasal dayanakt\u0131r.<\/p>\n<p>C. Veri i\u015flemenin amac\u0131<\/p>\n<p>Ki\u015fisel verilerin i\u015flenmesinin yegane amac\u0131 ileti\u015fimin i\u015flenmesidir. Bu ayn\u0131 zamanda verilerin i\u015flenmesinde gerekli me\u015fru menfaati de i\u00e7erebilir.<\/p>\n<p>d.Depolama s\u00fcresi<\/p>\n<p>Ko\u015fullar talebinizin veya s\u00f6z konusu konunun kesin olarak a\u00e7\u0131kl\u0131\u011fa kavu\u015fturuldu\u011funu g\u00f6steriyorsa verileriniz silinecektir.<\/p>\n<p>Ki\u015fisel verilerin al\u0131c\u0131lar\u0131n\u0131n kategorileri<\/p>\n<p>Ki\u015fisel veriler yaln\u0131zca bu beyanda belirtilen durumlarda veya sizi bu konuda ba\u015fka bir yerde a\u00e7\u0131k\u00e7a bilgilendirmemiz durumunda \u00fc\u00e7\u00fcnc\u00fc ki\u015filere aktar\u0131lacakt\u0131r. Ayr\u0131ca hizmetlerimizi sa\u011flamak i\u00e7in bazen harici i\u015flemciler (Madde 28 GDPR) kullan\u0131r\u0131z (\u00f6rn. bar\u0131nd\u0131rma sa\u011flay\u0131c\u0131lar\u0131, e-posta sa\u011flay\u0131c\u0131lar\u0131). Ancak ki\u015fisel verileri yaln\u0131zca Avrupa Birli\u011fi dahilinde i\u015flerler.<\/p>\n<\/div><\/section><\/div>\n","protected":false},"excerpt":{"rendered":"","protected":false},"author":1,"featured_media":0,"parent":0,"menu_order":0,"comment_status":"closed","ping_status":"closed","template":"","meta":{"footnotes":""},"class_list":["post-81","page","type-page","status-publish","hentry"],"_links":{"self":[{"href":"https:\/\/koekerpsychotherapie.de\/tr\/wp-json\/wp\/v2\/pages\/81","targetHints":{"allow":["GET"]}}],"collection":[{"href":"https:\/\/koekerpsychotherapie.de\/tr\/wp-json\/wp\/v2\/pages"}],"about":[{"href":"https:\/\/koekerpsychotherapie.de\/tr\/wp-json\/wp\/v2\/types\/page"}],"author":[{"embeddable":true,"href":"https:\/\/koekerpsychotherapie.de\/tr\/wp-json\/wp\/v2\/users\/1"}],"replies":[{"embeddable":true,"href":"https:\/\/koekerpsychotherapie.de\/tr\/wp-json\/wp\/v2\/comments?post=81"}],"version-history":[{"count":10,"href":"https:\/\/koekerpsychotherapie.de\/tr\/wp-json\/wp\/v2\/pages\/81\/revisions"}],"predecessor-version":[{"id":387,"href":"https:\/\/koekerpsychotherapie.de\/tr\/wp-json\/wp\/v2\/pages\/81\/revisions\/387"}],"wp:attachment":[{"href":"https:\/\/koekerpsychotherapie.de\/tr\/wp-json\/wp\/v2\/media?parent=81"}],"curies":[{"name":"wp","href":"https:\/\/api.w.org\/{rel}","templated":true}]}}